{"id":67,"date":"2021-05-07T22:06:56","date_gmt":"2021-05-07T20:06:56","guid":{"rendered":"http:\/\/saintjosephsegre.fr\/?page_id=67"},"modified":"2026-04-24T22:38:50","modified_gmt":"2026-04-24T20:38:50","slug":"la-presse-en-parle","status":"publish","type":"page","link":"https:\/\/www.saintjosephsegre.fr\/?page_id=67","title":{"rendered":"La presse parle de la chapelle"},"content":{"rendered":"\n<h2 class=\"wp-block-heading\">2026 : signature de la convention avec la Fondation du Patrimoine !<\/h2>\n\n\n\n<figure class=\"wp-block-image size-large\"><img fetchpriority=\"high\" decoding=\"async\" width=\"1024\" height=\"801\" src=\"https:\/\/www.saintjosephsegre.fr\/wp-content\/uploads\/2026\/04\/Scan-8-1024x801.jpeg\" alt=\"\" class=\"wp-image-769\" srcset=\"https:\/\/www.saintjosephsegre.fr\/wp-content\/uploads\/2026\/04\/Scan-8-1024x801.jpeg 1024w, https:\/\/www.saintjosephsegre.fr\/wp-content\/uploads\/2026\/04\/Scan-8-300x235.jpeg 300w, https:\/\/www.saintjosephsegre.fr\/wp-content\/uploads\/2026\/04\/Scan-8-768x601.jpeg 768w, https:\/\/www.saintjosephsegre.fr\/wp-content\/uploads\/2026\/04\/Scan-8-1536x1202.jpeg 1536w, https:\/\/www.saintjosephsegre.fr\/wp-content\/uploads\/2026\/04\/Scan-8-2048x1603.jpeg 2048w\" sizes=\"(max-width: 767px) 89vw, (max-width: 1000px) 54vw, (max-width: 1071px) 543px, 580px\" \/><\/figure>\n\n\n\n<h2 class=\"wp-block-heading\">2025 : un apr\u00e8s-midi pour sauver la chapelle !<\/h2>\n\n\n\n<figure class=\"wp-block-image size-large\"><img decoding=\"async\" width=\"981\" height=\"1024\" src=\"https:\/\/www.saintjosephsegre.fr\/wp-content\/uploads\/2026\/04\/Scan-11-981x1024.jpeg\" alt=\"\" class=\"wp-image-799\" srcset=\"https:\/\/www.saintjosephsegre.fr\/wp-content\/uploads\/2026\/04\/Scan-11-981x1024.jpeg 981w, https:\/\/www.saintjosephsegre.fr\/wp-content\/uploads\/2026\/04\/Scan-11-287x300.jpeg 287w, https:\/\/www.saintjosephsegre.fr\/wp-content\/uploads\/2026\/04\/Scan-11-768x802.jpeg 768w, https:\/\/www.saintjosephsegre.fr\/wp-content\/uploads\/2026\/04\/Scan-11-1472x1536.jpeg 1472w, https:\/\/www.saintjosephsegre.fr\/wp-content\/uploads\/2026\/04\/Scan-11-1962x2048.jpeg 1962w\" sizes=\"(max-width: 767px) 89vw, (max-width: 1000px) 54vw, (max-width: 1071px) 543px, 580px\" \/><\/figure>\n\n\n\n<figure class=\"wp-block-image size-large\"><img decoding=\"async\" width=\"1024\" height=\"874\" src=\"https:\/\/www.saintjosephsegre.fr\/wp-content\/uploads\/2026\/04\/St-Joseph-1-1024x874.jpeg\" alt=\"\" class=\"wp-image-711\" srcset=\"https:\/\/www.saintjosephsegre.fr\/wp-content\/uploads\/2026\/04\/St-Joseph-1-1024x874.jpeg 1024w, https:\/\/www.saintjosephsegre.fr\/wp-content\/uploads\/2026\/04\/St-Joseph-1-300x256.jpeg 300w, https:\/\/www.saintjosephsegre.fr\/wp-content\/uploads\/2026\/04\/St-Joseph-1-768x655.jpeg 768w, https:\/\/www.saintjosephsegre.fr\/wp-content\/uploads\/2026\/04\/St-Joseph-1-1536x1310.jpeg 1536w, https:\/\/www.saintjosephsegre.fr\/wp-content\/uploads\/2026\/04\/St-Joseph-1-2048x1747.jpeg 2048w\" sizes=\"(max-width: 767px) 89vw, (max-width: 1000px) 54vw, (max-width: 1071px) 543px, 580px\" \/><\/figure>\n\n\n\n<h2 class=\"wp-block-heading\">2025 : la mobilisation continue !<\/h2>\n\n\n\n<figure class=\"wp-block-image size-large\"><img loading=\"lazy\" decoding=\"async\" width=\"785\" height=\"1024\" src=\"https:\/\/www.saintjosephsegre.fr\/wp-content\/uploads\/2026\/04\/St-Joseph-2-2-785x1024.jpeg\" alt=\"\" class=\"wp-image-712\" srcset=\"https:\/\/www.saintjosephsegre.fr\/wp-content\/uploads\/2026\/04\/St-Joseph-2-2-785x1024.jpeg 785w, https:\/\/www.saintjosephsegre.fr\/wp-content\/uploads\/2026\/04\/St-Joseph-2-2-230x300.jpeg 230w, https:\/\/www.saintjosephsegre.fr\/wp-content\/uploads\/2026\/04\/St-Joseph-2-2-768x1002.jpeg 768w, https:\/\/www.saintjosephsegre.fr\/wp-content\/uploads\/2026\/04\/St-Joseph-2-2-1177x1536.jpeg 1177w, https:\/\/www.saintjosephsegre.fr\/wp-content\/uploads\/2026\/04\/St-Joseph-2-2-1570x2048.jpeg 1570w, https:\/\/www.saintjosephsegre.fr\/wp-content\/uploads\/2026\/04\/St-Joseph-2-2-scaled.jpeg 1962w\" sizes=\"(max-width: 767px) 89vw, (max-width: 1000px) 54vw, (max-width: 1071px) 543px, 580px\" \/><\/figure>\n\n\n\n<h2 class=\"wp-block-heading\">2025 : un legs pour la chapelle !<\/h2>\n\n\n\n<figure class=\"wp-block-image size-large\"><img loading=\"lazy\" decoding=\"async\" width=\"753\" height=\"1024\" src=\"https:\/\/www.saintjosephsegre.fr\/wp-content\/uploads\/2026\/04\/St-Joseph-3-753x1024.jpeg\" alt=\"\" class=\"wp-image-713\" srcset=\"https:\/\/www.saintjosephsegre.fr\/wp-content\/uploads\/2026\/04\/St-Joseph-3-753x1024.jpeg 753w, https:\/\/www.saintjosephsegre.fr\/wp-content\/uploads\/2026\/04\/St-Joseph-3-221x300.jpeg 221w, https:\/\/www.saintjosephsegre.fr\/wp-content\/uploads\/2026\/04\/St-Joseph-3-768x1044.jpeg 768w, https:\/\/www.saintjosephsegre.fr\/wp-content\/uploads\/2026\/04\/St-Joseph-3-1130x1536.jpeg 1130w, https:\/\/www.saintjosephsegre.fr\/wp-content\/uploads\/2026\/04\/St-Joseph-3-1507x2048.jpeg 1507w, https:\/\/www.saintjosephsegre.fr\/wp-content\/uploads\/2026\/04\/St-Joseph-3-scaled.jpeg 1883w\" sizes=\"(max-width: 706px) 89vw, (max-width: 767px) 82vw, 740px\" \/><\/figure>\n\n\n\n<h2 class=\"wp-block-heading\">2025 : la mosa\u00efque dans la revue VMF<\/h2>\n\n\n\n<div class=\"wp-block-columns is-layout-flex wp-container-core-columns-is-layout-9d6595d7 wp-block-columns-is-layout-flex\">\n<div class=\"wp-block-column is-layout-flow wp-block-column-is-layout-flow\" style=\"flex-basis:100%\">\n<figure class=\"wp-block-gallery has-nested-images columns-default is-cropped wp-block-gallery-1 is-layout-flex wp-block-gallery-is-layout-flex\">\n<figure class=\"wp-block-image size-large\"><img loading=\"lazy\" decoding=\"async\" width=\"768\" height=\"1024\" data-id=\"705\" src=\"https:\/\/www.saintjosephsegre.fr\/wp-content\/uploads\/2026\/04\/493571682_122125322606721998_3062413410945968199_n-768x1024.jpg\" alt=\"\" class=\"wp-image-705\" srcset=\"https:\/\/www.saintjosephsegre.fr\/wp-content\/uploads\/2026\/04\/493571682_122125322606721998_3062413410945968199_n-768x1024.jpg 768w, https:\/\/www.saintjosephsegre.fr\/wp-content\/uploads\/2026\/04\/493571682_122125322606721998_3062413410945968199_n-225x300.jpg 225w, https:\/\/www.saintjosephsegre.fr\/wp-content\/uploads\/2026\/04\/493571682_122125322606721998_3062413410945968199_n-1152x1536.jpg 1152w, https:\/\/www.saintjosephsegre.fr\/wp-content\/uploads\/2026\/04\/493571682_122125322606721998_3062413410945968199_n.jpg 1536w\" sizes=\"(max-width: 767px) 89vw, (max-width: 1000px) 54vw, (max-width: 1071px) 543px, 580px\" \/><\/figure>\n\n\n\n<figure class=\"wp-block-image size-large\"><img loading=\"lazy\" decoding=\"async\" width=\"768\" height=\"1024\" data-id=\"704\" src=\"https:\/\/www.saintjosephsegre.fr\/wp-content\/uploads\/2026\/04\/492746016_122125322618721998_3093416835141204961_n-768x1024.jpg\" alt=\"\" class=\"wp-image-704\" srcset=\"https:\/\/www.saintjosephsegre.fr\/wp-content\/uploads\/2026\/04\/492746016_122125322618721998_3093416835141204961_n-768x1024.jpg 768w, https:\/\/www.saintjosephsegre.fr\/wp-content\/uploads\/2026\/04\/492746016_122125322618721998_3093416835141204961_n-225x300.jpg 225w, https:\/\/www.saintjosephsegre.fr\/wp-content\/uploads\/2026\/04\/492746016_122125322618721998_3093416835141204961_n-1152x1536.jpg 1152w, https:\/\/www.saintjosephsegre.fr\/wp-content\/uploads\/2026\/04\/492746016_122125322618721998_3093416835141204961_n.jpg 1536w\" sizes=\"(max-width: 767px) 89vw, (max-width: 1000px) 54vw, (max-width: 1071px) 543px, 580px\" \/><\/figure>\n<\/figure>\n<\/div>\n<\/div>\n\n\n\n<h2 class=\"wp-block-heading\">2025 : red\u00e9couverte de la mosa\u00efque Odorico dans la chapelle !<\/h2>\n\n\n\n<figure class=\"wp-block-image size-large is-resized\"><img loading=\"lazy\" decoding=\"async\" width=\"583\" height=\"1024\" src=\"https:\/\/www.saintjosephsegre.fr\/wp-content\/uploads\/2026\/04\/473801077_122108144894721998_5177016438672086059_n-583x1024.jpg\" alt=\"\" class=\"wp-image-706\" style=\"width:535px;height:auto\" srcset=\"https:\/\/www.saintjosephsegre.fr\/wp-content\/uploads\/2026\/04\/473801077_122108144894721998_5177016438672086059_n-583x1024.jpg 583w, https:\/\/www.saintjosephsegre.fr\/wp-content\/uploads\/2026\/04\/473801077_122108144894721998_5177016438672086059_n-171x300.jpg 171w, https:\/\/www.saintjosephsegre.fr\/wp-content\/uploads\/2026\/04\/473801077_122108144894721998_5177016438672086059_n-768x1348.jpg 768w, https:\/\/www.saintjosephsegre.fr\/wp-content\/uploads\/2026\/04\/473801077_122108144894721998_5177016438672086059_n-875x1536.jpg 875w, https:\/\/www.saintjosephsegre.fr\/wp-content\/uploads\/2026\/04\/473801077_122108144894721998_5177016438672086059_n.jpg 1125w\" sizes=\"(max-width: 583px) 100vw, 583px\" \/><\/figure>\n\n\n\n<figure class=\"wp-block-image size-large\"><img loading=\"lazy\" decoding=\"async\" width=\"888\" height=\"1024\" src=\"https:\/\/www.saintjosephsegre.fr\/wp-content\/uploads\/2026\/04\/Capture-decran-2026-04-24-a-22.23.28-888x1024.png\" alt=\"\" class=\"wp-image-818\" srcset=\"https:\/\/www.saintjosephsegre.fr\/wp-content\/uploads\/2026\/04\/Capture-decran-2026-04-24-a-22.23.28-888x1024.png 888w, https:\/\/www.saintjosephsegre.fr\/wp-content\/uploads\/2026\/04\/Capture-decran-2026-04-24-a-22.23.28-260x300.png 260w, https:\/\/www.saintjosephsegre.fr\/wp-content\/uploads\/2026\/04\/Capture-decran-2026-04-24-a-22.23.28-768x886.png 768w, https:\/\/www.saintjosephsegre.fr\/wp-content\/uploads\/2026\/04\/Capture-decran-2026-04-24-a-22.23.28-1332x1536.png 1332w, https:\/\/www.saintjosephsegre.fr\/wp-content\/uploads\/2026\/04\/Capture-decran-2026-04-24-a-22.23.28.png 1498w\" sizes=\"(max-width: 767px) 89vw, (max-width: 1000px) 54vw, (max-width: 1071px) 543px, 580px\" \/><\/figure>\n\n\n\n<h2 class=\"wp-block-heading\">2024 : troisi\u00e8me assembl\u00e9e g\u00e9n\u00e9rale ordinaire<\/h2>\n\n\n\n<figure class=\"wp-block-image size-large is-resized\"><img loading=\"lazy\" decoding=\"async\" width=\"497\" height=\"1024\" src=\"https:\/\/www.saintjosephsegre.fr\/wp-content\/uploads\/2026\/04\/St-Joseph-4-497x1024.jpeg\" alt=\"\" class=\"wp-image-714\" style=\"width:497px;height:auto\" srcset=\"https:\/\/www.saintjosephsegre.fr\/wp-content\/uploads\/2026\/04\/St-Joseph-4-497x1024.jpeg 497w, https:\/\/www.saintjosephsegre.fr\/wp-content\/uploads\/2026\/04\/St-Joseph-4-146x300.jpeg 146w, https:\/\/www.saintjosephsegre.fr\/wp-content\/uploads\/2026\/04\/St-Joseph-4-768x1581.jpeg 768w, https:\/\/www.saintjosephsegre.fr\/wp-content\/uploads\/2026\/04\/St-Joseph-4-746x1536.jpeg 746w, https:\/\/www.saintjosephsegre.fr\/wp-content\/uploads\/2026\/04\/St-Joseph-4-995x2048.jpeg 995w, https:\/\/www.saintjosephsegre.fr\/wp-content\/uploads\/2026\/04\/St-Joseph-4-scaled.jpeg 1244w\" sizes=\"(max-width: 497px) 100vw, 497px\" \/><\/figure>\n\n\n\n<figure class=\"wp-block-image size-large\"><img loading=\"lazy\" decoding=\"async\" width=\"928\" height=\"1024\" src=\"https:\/\/www.saintjosephsegre.fr\/wp-content\/uploads\/2026\/04\/Scan-15-928x1024.jpeg\" alt=\"\" class=\"wp-image-802\" srcset=\"https:\/\/www.saintjosephsegre.fr\/wp-content\/uploads\/2026\/04\/Scan-15-928x1024.jpeg 928w, https:\/\/www.saintjosephsegre.fr\/wp-content\/uploads\/2026\/04\/Scan-15-272x300.jpeg 272w, https:\/\/www.saintjosephsegre.fr\/wp-content\/uploads\/2026\/04\/Scan-15-768x848.jpeg 768w, https:\/\/www.saintjosephsegre.fr\/wp-content\/uploads\/2026\/04\/Scan-15-1392x1536.jpeg 1392w, https:\/\/www.saintjosephsegre.fr\/wp-content\/uploads\/2026\/04\/Scan-15-1856x2048.jpeg 1856w\" sizes=\"(max-width: 767px) 89vw, (max-width: 1000px) 54vw, (max-width: 1071px) 543px, 580px\" \/><\/figure>\n\n\n\n<figure class=\"wp-block-image size-large\"><img loading=\"lazy\" decoding=\"async\" width=\"1018\" height=\"1024\" src=\"https:\/\/www.saintjosephsegre.fr\/wp-content\/uploads\/2026\/04\/Capture-decran-2026-04-24-a-14.32.19-1018x1024.png\" alt=\"\" class=\"wp-image-808\" srcset=\"https:\/\/www.saintjosephsegre.fr\/wp-content\/uploads\/2026\/04\/Capture-decran-2026-04-24-a-14.32.19-1018x1024.png 1018w, https:\/\/www.saintjosephsegre.fr\/wp-content\/uploads\/2026\/04\/Capture-decran-2026-04-24-a-14.32.19-298x300.png 298w, https:\/\/www.saintjosephsegre.fr\/wp-content\/uploads\/2026\/04\/Capture-decran-2026-04-24-a-14.32.19-150x150.png 150w, https:\/\/www.saintjosephsegre.fr\/wp-content\/uploads\/2026\/04\/Capture-decran-2026-04-24-a-14.32.19-768x773.png 768w, https:\/\/www.saintjosephsegre.fr\/wp-content\/uploads\/2026\/04\/Capture-decran-2026-04-24-a-14.32.19-1527x1536.png 1527w, https:\/\/www.saintjosephsegre.fr\/wp-content\/uploads\/2026\/04\/Capture-decran-2026-04-24-a-14.32.19-100x100.png 100w, https:\/\/www.saintjosephsegre.fr\/wp-content\/uploads\/2026\/04\/Capture-decran-2026-04-24-a-14.32.19.png 1696w\" sizes=\"(max-width: 767px) 89vw, (max-width: 1000px) 54vw, (max-width: 1071px) 543px, 580px\" \/><\/figure>\n\n\n\n<h2 class=\"wp-block-heading\">2022 : participation aux Journ\u00e9es Europ\u00e9ennes du Patrimoine<\/h2>\n\n\n\n<figure class=\"wp-block-image size-large\"><img loading=\"lazy\" decoding=\"async\" width=\"867\" height=\"1024\" src=\"https:\/\/www.saintjosephsegre.fr\/wp-content\/uploads\/2026\/04\/Capture-decran-2026-04-24-a-22.29.18-867x1024.png\" alt=\"\" class=\"wp-image-816\" srcset=\"https:\/\/www.saintjosephsegre.fr\/wp-content\/uploads\/2026\/04\/Capture-decran-2026-04-24-a-22.29.18-867x1024.png 867w, https:\/\/www.saintjosephsegre.fr\/wp-content\/uploads\/2026\/04\/Capture-decran-2026-04-24-a-22.29.18-254x300.png 254w, https:\/\/www.saintjosephsegre.fr\/wp-content\/uploads\/2026\/04\/Capture-decran-2026-04-24-a-22.29.18-768x907.png 768w, https:\/\/www.saintjosephsegre.fr\/wp-content\/uploads\/2026\/04\/Capture-decran-2026-04-24-a-22.29.18-1301x1536.png 1301w, https:\/\/www.saintjosephsegre.fr\/wp-content\/uploads\/2026\/04\/Capture-decran-2026-04-24-a-22.29.18.png 1418w\" sizes=\"(max-width: 767px) 89vw, (max-width: 1000px) 54vw, (max-width: 1071px) 543px, 580px\" \/><\/figure>\n\n\n\n<h2 class=\"wp-block-heading\">2022 : point d&rsquo;\u00e9tape pour la premi\u00e8re ann\u00e9e de travail de l&rsquo;associaiton <\/h2>\n\n\n\n<figure class=\"wp-block-image size-large\"><img loading=\"lazy\" decoding=\"async\" width=\"906\" height=\"1024\" src=\"https:\/\/www.saintjosephsegre.fr\/wp-content\/uploads\/2026\/04\/Scan-12-906x1024.jpeg\" alt=\"\" class=\"wp-image-801\" srcset=\"https:\/\/www.saintjosephsegre.fr\/wp-content\/uploads\/2026\/04\/Scan-12-906x1024.jpeg 906w, https:\/\/www.saintjosephsegre.fr\/wp-content\/uploads\/2026\/04\/Scan-12-265x300.jpeg 265w, https:\/\/www.saintjosephsegre.fr\/wp-content\/uploads\/2026\/04\/Scan-12-768x868.jpeg 768w, https:\/\/www.saintjosephsegre.fr\/wp-content\/uploads\/2026\/04\/Scan-12-1359x1536.jpeg 1359w, https:\/\/www.saintjosephsegre.fr\/wp-content\/uploads\/2026\/04\/Scan-12-1812x2048.jpeg 1812w\" sizes=\"(max-width: 767px) 89vw, (max-width: 1000px) 54vw, (max-width: 1071px) 543px, 580px\" \/><\/figure>\n\n\n\n<h2 class=\"wp-block-heading\">2022 : premi\u00e8re assembl\u00e9e g\u00e9n\u00e9rale ordinaire<\/h2>\n\n\n\n<figure class=\"wp-block-image size-large is-resized\"><img loading=\"lazy\" decoding=\"async\" width=\"581\" height=\"1024\" src=\"https:\/\/www.saintjosephsegre.fr\/wp-content\/uploads\/2026\/04\/St-Joseph-581x1024.jpeg\" alt=\"\" class=\"wp-image-709\" style=\"width:486px;height:auto\" srcset=\"https:\/\/www.saintjosephsegre.fr\/wp-content\/uploads\/2026\/04\/St-Joseph-581x1024.jpeg 581w, https:\/\/www.saintjosephsegre.fr\/wp-content\/uploads\/2026\/04\/St-Joseph-170x300.jpeg 170w, https:\/\/www.saintjosephsegre.fr\/wp-content\/uploads\/2026\/04\/St-Joseph-768x1354.jpeg 768w, https:\/\/www.saintjosephsegre.fr\/wp-content\/uploads\/2026\/04\/St-Joseph-871x1536.jpeg 871w, https:\/\/www.saintjosephsegre.fr\/wp-content\/uploads\/2026\/04\/St-Joseph-1161x2048.jpeg 1161w, https:\/\/www.saintjosephsegre.fr\/wp-content\/uploads\/2026\/04\/St-Joseph-scaled.jpeg 1452w\" sizes=\"(max-width: 581px) 100vw, 581px\" \/><\/figure>\n\n\n\n<h2 class=\"wp-block-heading\">2021 : cr\u00e9ation de l&rsquo;association<\/h2>\n\n\n\n<figure class=\"wp-block-image size-large is-resized\"><img loading=\"lazy\" decoding=\"async\" width=\"1024\" height=\"820\" src=\"https:\/\/www.saintjosephsegre.fr\/wp-content\/uploads\/2026\/04\/St-Joseph-5-2-1024x820.jpeg\" alt=\"\" class=\"wp-image-715\" style=\"width:798px;height:auto\" srcset=\"https:\/\/www.saintjosephsegre.fr\/wp-content\/uploads\/2026\/04\/St-Joseph-5-2-1024x820.jpeg 1024w, https:\/\/www.saintjosephsegre.fr\/wp-content\/uploads\/2026\/04\/St-Joseph-5-2-300x240.jpeg 300w, https:\/\/www.saintjosephsegre.fr\/wp-content\/uploads\/2026\/04\/St-Joseph-5-2-768x615.jpeg 768w, https:\/\/www.saintjosephsegre.fr\/wp-content\/uploads\/2026\/04\/St-Joseph-5-2-1536x1230.jpeg 1536w, https:\/\/www.saintjosephsegre.fr\/wp-content\/uploads\/2026\/04\/St-Joseph-5-2-2048x1640.jpeg 2048w\" sizes=\"(max-width: 767px) 89vw, (max-width: 1000px) 54vw, (max-width: 1071px) 543px, 580px\" \/><\/figure>\n\n\n\n<figure class=\"wp-block-image size-large\"><img loading=\"lazy\" decoding=\"async\" width=\"513\" height=\"1024\" src=\"https:\/\/www.saintjosephsegre.fr\/wp-content\/uploads\/2026\/04\/St-Joseph-6-513x1024.jpeg\" alt=\"\" class=\"wp-image-716\" srcset=\"https:\/\/www.saintjosephsegre.fr\/wp-content\/uploads\/2026\/04\/St-Joseph-6-513x1024.jpeg 513w, https:\/\/www.saintjosephsegre.fr\/wp-content\/uploads\/2026\/04\/St-Joseph-6-150x300.jpeg 150w, https:\/\/www.saintjosephsegre.fr\/wp-content\/uploads\/2026\/04\/St-Joseph-6-768x1533.jpeg 768w, https:\/\/www.saintjosephsegre.fr\/wp-content\/uploads\/2026\/04\/St-Joseph-6-770x1536.jpeg 770w, https:\/\/www.saintjosephsegre.fr\/wp-content\/uploads\/2026\/04\/St-Joseph-6-1026x2048.jpeg 1026w, https:\/\/www.saintjosephsegre.fr\/wp-content\/uploads\/2026\/04\/St-Joseph-6-scaled.jpeg 1283w\" sizes=\"(max-width: 513px) 100vw, 513px\" \/><\/figure>\n\n\n\n<h2 class=\"wp-block-heading\">2016 : la chapelle \u00ab\u00a0ne tient plus qu&rsquo;\u00e0 un c\u00e2ble\u00a0\u00bb ! <\/h2>\n\n\n\n<figure class=\"wp-block-image size-large\"><img loading=\"lazy\" decoding=\"async\" width=\"1024\" height=\"514\" src=\"https:\/\/www.saintjosephsegre.fr\/wp-content\/uploads\/2026\/04\/Scan-10-1024x514.jpeg\" alt=\"\" class=\"wp-image-780\" srcset=\"https:\/\/www.saintjosephsegre.fr\/wp-content\/uploads\/2026\/04\/Scan-10-1024x514.jpeg 1024w, https:\/\/www.saintjosephsegre.fr\/wp-content\/uploads\/2026\/04\/Scan-10-300x151.jpeg 300w, https:\/\/www.saintjosephsegre.fr\/wp-content\/uploads\/2026\/04\/Scan-10-768x386.jpeg 768w, https:\/\/www.saintjosephsegre.fr\/wp-content\/uploads\/2026\/04\/Scan-10-1536x771.jpeg 1536w, https:\/\/www.saintjosephsegre.fr\/wp-content\/uploads\/2026\/04\/Scan-10-2048x1028.jpeg 2048w\" sizes=\"(max-width: 767px) 89vw, (max-width: 1000px) 54vw, (max-width: 1071px) 543px, 580px\" \/><\/figure>\n\n\n\n<h2 class=\"wp-block-heading\">f\u00e9vrier 1991 : reconstruction du clocher<\/h2>\n\n\n\n<figure class=\"wp-block-image size-large\"><img loading=\"lazy\" decoding=\"async\" width=\"1024\" height=\"991\" src=\"https:\/\/www.saintjosephsegre.fr\/wp-content\/uploads\/2026\/04\/Capture-decran-2026-04-24-a-14.52.47-1024x991.png\" alt=\"\" class=\"wp-image-811\" srcset=\"https:\/\/www.saintjosephsegre.fr\/wp-content\/uploads\/2026\/04\/Capture-decran-2026-04-24-a-14.52.47-1024x991.png 1024w, https:\/\/www.saintjosephsegre.fr\/wp-content\/uploads\/2026\/04\/Capture-decran-2026-04-24-a-14.52.47-300x290.png 300w, https:\/\/www.saintjosephsegre.fr\/wp-content\/uploads\/2026\/04\/Capture-decran-2026-04-24-a-14.52.47-768x744.png 768w, https:\/\/www.saintjosephsegre.fr\/wp-content\/uploads\/2026\/04\/Capture-decran-2026-04-24-a-14.52.47-1536x1487.png 1536w, https:\/\/www.saintjosephsegre.fr\/wp-content\/uploads\/2026\/04\/Capture-decran-2026-04-24-a-14.52.47.png 1700w\" sizes=\"(max-width: 767px) 89vw, (max-width: 1000px) 54vw, (max-width: 1071px) 543px, 580px\" \/><\/figure>\n\n\n\n<figure class=\"wp-block-image size-large\"><img loading=\"lazy\" decoding=\"async\" width=\"1024\" height=\"809\" src=\"https:\/\/www.saintjosephsegre.fr\/wp-content\/uploads\/2026\/04\/Scan-17-1-1024x809.jpeg\" alt=\"\" class=\"wp-image-805\" srcset=\"https:\/\/www.saintjosephsegre.fr\/wp-content\/uploads\/2026\/04\/Scan-17-1-1024x809.jpeg 1024w, https:\/\/www.saintjosephsegre.fr\/wp-content\/uploads\/2026\/04\/Scan-17-1-300x237.jpeg 300w, https:\/\/www.saintjosephsegre.fr\/wp-content\/uploads\/2026\/04\/Scan-17-1-768x607.jpeg 768w, https:\/\/www.saintjosephsegre.fr\/wp-content\/uploads\/2026\/04\/Scan-17-1-1536x1214.jpeg 1536w, https:\/\/www.saintjosephsegre.fr\/wp-content\/uploads\/2026\/04\/Scan-17-1-2048x1619.jpeg 2048w\" sizes=\"(max-width: 767px) 89vw, (max-width: 1000px) 54vw, (max-width: 1071px) 543px, 580px\" \/><\/figure>\n\n\n\n<figure class=\"wp-block-image size-large\"><img loading=\"lazy\" decoding=\"async\" width=\"970\" height=\"1024\" src=\"https:\/\/www.saintjosephsegre.fr\/wp-content\/uploads\/2026\/04\/Scan-16-1-970x1024.jpeg\" alt=\"\" class=\"wp-image-806\" srcset=\"https:\/\/www.saintjosephsegre.fr\/wp-content\/uploads\/2026\/04\/Scan-16-1-970x1024.jpeg 970w, https:\/\/www.saintjosephsegre.fr\/wp-content\/uploads\/2026\/04\/Scan-16-1-284x300.jpeg 284w, https:\/\/www.saintjosephsegre.fr\/wp-content\/uploads\/2026\/04\/Scan-16-1-768x810.jpeg 768w, https:\/\/www.saintjosephsegre.fr\/wp-content\/uploads\/2026\/04\/Scan-16-1-1456x1536.jpeg 1456w, https:\/\/www.saintjosephsegre.fr\/wp-content\/uploads\/2026\/04\/Scan-16-1-1941x2048.jpeg 1941w\" sizes=\"(max-width: 767px) 89vw, (max-width: 1000px) 54vw, (max-width: 1071px) 543px, 580px\" \/><\/figure>\n\n\n\n<h2 class=\"wp-block-heading\">f\u00e9vrier 1990 : une temp\u00eate d\u00e9truit le clocher de la chapelle<\/h2>\n\n\n\n<figure class=\"wp-block-image size-large\"><img loading=\"lazy\" decoding=\"async\" width=\"1024\" height=\"697\" src=\"https:\/\/www.saintjosephsegre.fr\/wp-content\/uploads\/2026\/04\/Scan-9-1024x697.jpeg\" alt=\"\" class=\"wp-image-778\" srcset=\"https:\/\/www.saintjosephsegre.fr\/wp-content\/uploads\/2026\/04\/Scan-9-1024x697.jpeg 1024w, https:\/\/www.saintjosephsegre.fr\/wp-content\/uploads\/2026\/04\/Scan-9-300x204.jpeg 300w, https:\/\/www.saintjosephsegre.fr\/wp-content\/uploads\/2026\/04\/Scan-9-768x522.jpeg 768w, https:\/\/www.saintjosephsegre.fr\/wp-content\/uploads\/2026\/04\/Scan-9-1536x1045.jpeg 1536w, https:\/\/www.saintjosephsegre.fr\/wp-content\/uploads\/2026\/04\/Scan-9-2048x1393.jpeg 2048w\" sizes=\"(max-width: 767px) 89vw, (max-width: 1000px) 54vw, (max-width: 1071px) 543px, 580px\" \/><\/figure>\n\n\n\n<h2 class=\"wp-block-heading\">hiver 1984-85 : derniers travaux d&rsquo;ampleur<\/h2>\n\n\n\n<figure class=\"wp-block-image size-large\"><img loading=\"lazy\" decoding=\"async\" width=\"761\" height=\"1024\" src=\"https:\/\/www.saintjosephsegre.fr\/wp-content\/uploads\/2026\/04\/Scan-16-2-761x1024.jpeg\" alt=\"\" class=\"wp-image-807\" srcset=\"https:\/\/www.saintjosephsegre.fr\/wp-content\/uploads\/2026\/04\/Scan-16-2-761x1024.jpeg 761w, https:\/\/www.saintjosephsegre.fr\/wp-content\/uploads\/2026\/04\/Scan-16-2-223x300.jpeg 223w, https:\/\/www.saintjosephsegre.fr\/wp-content\/uploads\/2026\/04\/Scan-16-2-768x1034.jpeg 768w, https:\/\/www.saintjosephsegre.fr\/wp-content\/uploads\/2026\/04\/Scan-16-2-1141x1536.jpeg 1141w, https:\/\/www.saintjosephsegre.fr\/wp-content\/uploads\/2026\/04\/Scan-16-2-1522x2048.jpeg 1522w, https:\/\/www.saintjosephsegre.fr\/wp-content\/uploads\/2026\/04\/Scan-16-2-scaled.jpeg 1902w\" sizes=\"(max-width: 706px) 89vw, (max-width: 767px) 82vw, 740px\" \/><\/figure>\n","protected":false},"excerpt":{"rendered":"<p>2026 : signature de la convention avec la Fondation du Patrimoine ! 2025 : un apr\u00e8s-midi pour sauver la chapelle ! 2025 : la mobilisation continue ! 2025 : un legs pour la chapelle ! 2025 : la mosa\u00efque dans la revue VMF 2025 : red\u00e9couverte de la mosa\u00efque Odorico dans la chapelle ! 2024 &hellip; <\/p>\n<p class=\"link-more\"><a href=\"https:\/\/www.saintjosephsegre.fr\/?page_id=67\" class=\"more-link\">Continuer la lecture<span class=\"screen-reader-text\"> de &laquo;&nbsp;La presse parle de la chapelle&nbsp;&raquo;<\/span><\/a><\/p>\n","protected":false},"author":1,"featured_media":0,"parent":0,"menu_order":0,"comment_status":"closed","ping_status":"closed","template":"","meta":{"footnotes":""},"class_list":["post-67","page","type-page","status-publish","hentry"],"_links":{"self":[{"href":"https:\/\/www.saintjosephsegre.fr\/index.php?rest_route=\/wp\/v2\/pages\/67","targetHints":{"allow":["GET"]}}],"collection":[{"href":"https:\/\/www.saintjosephsegre.fr\/index.php?rest_route=\/wp\/v2\/pages"}],"about":[{"href":"https:\/\/www.saintjosephsegre.fr\/index.php?rest_route=\/wp\/v2\/types\/page"}],"author":[{"embeddable":true,"href":"https:\/\/www.saintjosephsegre.fr\/index.php?rest_route=\/wp\/v2\/users\/1"}],"replies":[{"embeddable":true,"href":"https:\/\/www.saintjosephsegre.fr\/index.php?rest_route=%2Fwp%2Fv2%2Fcomments&post=67"}],"version-history":[{"count":20,"href":"https:\/\/www.saintjosephsegre.fr\/index.php?rest_route=\/wp\/v2\/pages\/67\/revisions"}],"predecessor-version":[{"id":821,"href":"https:\/\/www.saintjosephsegre.fr\/index.php?rest_route=\/wp\/v2\/pages\/67\/revisions\/821"}],"wp:attachment":[{"href":"https:\/\/www.saintjosephsegre.fr\/index.php?rest_route=%2Fwp%2Fv2%2Fmedia&parent=67"}],"curies":[{"name":"wp","href":"https:\/\/api.w.org\/{rel}","templated":true}]}}